{"id":1686,"date":"2021-01-01T09:45:03","date_gmt":"2021-01-01T08:45:03","guid":{"rendered":"http:\/\/sfecag.org\/?page_id=1686"},"modified":"2025-12-31T15:55:44","modified_gmt":"2025-12-31T14:55:44","slug":"les-affiches-des-congres","status":"publish","type":"page","link":"https:\/\/sfecag.org\/index.php\/les-affiches-des-congres\/","title":{"rendered":"Les affiches des congr\u00e8s"},"content":{"rendered":"<table style=\"height: 8729px; width: 99.5243%;\">\n<tbody>\n<tr>\n<td style=\"width: 17.5923%; vertical-align: top;\"><img loading=\"lazy\" decoding=\"async\" class=\"alignnone size-full wp-image-3204\" src=\"http:\/\/sfecag.org\/wp-content\/uploads\/2025\/12\/aff_2025.jpg\" alt=\"\" width=\"213\" height=\"299\" srcset=\"https:\/\/sfecag.org\/wp-content\/uploads\/2025\/12\/aff_2025.jpg 213w, https:\/\/sfecag.org\/wp-content\/uploads\/2025\/12\/aff_2025-192x270.jpg 192w\" sizes=\"auto, (max-width: 213px) 100vw, 213px\" \/><\/td>\n<td style=\"width: 180.781%; vertical-align: top; text-align: justify;\"><strong>Bruxelles \u2013 2025<\/strong><span style=\"font-size: 14px;\"><strong><br \/>\n<\/strong>Conception et r\u00e9alisation L. Rivet, S. Saulnier<br \/>\nPapier kraft brun<br \/>\nGouache par transparence sur un mod\u00e8le report\u00e9 au crayon<br \/>\nExpression libre sur le th\u00e8me de la c\u00e9ramique de l&rsquo;Antiquit\u00e9 tardive dans le nord de la Gaule. Le vase illustr\u00e9 est un pot d\u00e9cor\u00e9 \u00e0 la roulette du haut moyen \u00e2ge de la n\u00e9cropole de Tournai dont la forme est le U et le d\u00e9cor le X de Bruxelles. Les lettres SFECAG Sont entrecrois\u00e9es dans un d\u00e9cor \u00e0 la roulette \u00e9galement du haut moyen \u00e2ge. Les couleurs de l&rsquo;affiche sont inspir\u00e9es par de nombreux exemples architecturaux de l&rsquo;Art Nouveau (H\u00f4tel Van Eetvelde, Ancien cin\u00e9ma Path\u00e9 Palace, Maison Saint-Cyr, etc.) dont Bruxelles est la capitale.<\/span><\/td>\n<\/tr>\n<tr>\n<td style=\"width: 17.5923%; vertical-align: top;\"><img loading=\"lazy\" decoding=\"async\" class=\"size-medium wp-image-3024 aligncenter\" src=\"http:\/\/sfecag.org\/wp-content\/uploads\/2024\/12\/aff_2024-210x300.jpg\" alt=\"\" width=\"210\" height=\"300\" srcset=\"https:\/\/sfecag.org\/wp-content\/uploads\/2024\/12\/aff_2024-210x300.jpg 210w, https:\/\/sfecag.org\/wp-content\/uploads\/2024\/12\/aff_2024.jpg 213w\" sizes=\"auto, (max-width: 210px) 100vw, 210px\" \/><\/td>\n<td style=\"width: 180.781%; vertical-align: top; text-align: justify;\"><span style=\"font-size: 14px;\"><strong><span style=\"font-size: 12pt;\">Angers \u2013 2024<\/span><br \/>\n<\/strong>Conception et r\u00e9alisation L. Rivet, S. Saulnier<br \/>\nPapier kraft gris l\u00e9ger<br \/>\nGouache par transparence sur un mod\u00e8le report\u00e9 au crayon<br \/>\nExpression libre sur le th\u00e8me de la basse vall\u00e9e de la Loire, de ses aflluents formant le mot Angers, vecteurs de la diffusion des c\u00e9ramiques dont les profils repr\u00e9sentent les lettres SFECAG . Les couleurs sont les armoiries d&rsquo;Angers cr\u00e9es par Sonia Delaunay : sur un fond gris l\u00e9ger, bleu, rouge et noir<\/span><\/td>\n<\/tr>\n<tr>\n<td style=\"width: 17.5923%; vertical-align: top;\"><img loading=\"lazy\" decoding=\"async\" class=\"wp-image-2777 aligncenter\" src=\"http:\/\/sfecagq.cluster031.hosting.ovh.net\/wp-content\/uploads\/2023\/12\/aff_2023-212x300.jpg\" alt=\"\" width=\"202\" height=\"286\" srcset=\"https:\/\/sfecag.org\/wp-content\/uploads\/2023\/12\/aff_2023-212x300.jpg 212w, https:\/\/sfecag.org\/wp-content\/uploads\/2023\/12\/aff_2023.jpg 213w\" sizes=\"auto, (max-width: 202px) 100vw, 202px\" \/><\/td>\n<td style=\"width: 180.781%; vertical-align: top; text-align: justify;\"><span style=\"font-size: 14px;\"><strong><span style=\"font-size: 12pt;\">Hy\u00e8res \u2013 2023<\/span><br \/>\n<\/strong>Conception et r\u00e9alisation L. Rivet, S. Saulnier<br \/>\nPapier kraft brun<br \/>\nGouache par transparence sur un mod\u00e8le report\u00e9 au crayon<br \/>\nExpression libre sur le th\u00e8me des \u00e9paves situ\u00e9es le long du littoral : CAG forme la coupe du bateau naufrag\u00e9 pr\u00e8s du rivage, les lettres SFEC et congr\u00e8s international, les nuages dans le ciel, le relief \u00e9tant repr\u00e9sent\u00e9 par les lettres hy\u00e8res, la palme jaune symbolisant la fin du nom\u00a0 et les 305 jours d&rsquo;ensoleillement de Hy\u00e8res-les-Palmiers<br \/>\n<\/span><\/td>\n<\/tr>\n<tr style=\"height: 305px;\">\n<td style=\"width: 17.5923%; vertical-align: top; height: 305px;\"><a href=\"http:\/\/127.0.0.1\/wordpress\/wp-content\/uploads\/2022\/12\/aff_2022.jpg\"><img loading=\"lazy\" decoding=\"async\" class=\"size-full wp-image-2424 aligncenter\" src=\"http:\/\/sfecag.org\/wp-content\/uploads\/2022\/12\/aff_2022.jpg\" alt=\"\" width=\"206\" height=\"289\" \/><\/a><\/td>\n<td style=\"width: 180.781%; vertical-align: top; text-align: justify; height: 305px;\"><span style=\"font-size: 14px;\"><strong><span style=\"font-size: 12pt;\">Clermont-Ferrand \u2013 2022<\/span><br \/>\n<\/strong>Conception et r\u00e9alisation L. Rivet, S. Saulnier<br \/>\nPapier kraft violine p\u00e2le<br \/>\nGouache par transparence sur un mod\u00e8le report\u00e9 au crayon<br \/>\nExpression libre sur les volcans de la cha\u00eene des Puys form\u00e9 par les lettres Clermont-Ferrand et les lettres SFECAG se perdant dans les nuages de cendres.<br \/>\n<\/span><\/td>\n<\/tr>\n<tr style=\"height: 310px;\">\n<td style=\"width: 17.5923%; vertical-align: top; height: 310px;\"><a href=\"http:\/\/127.0.0.1\/wordpress\/wp-content\/uploads\/2021\/12\/aff_2021.jpg\"><img loading=\"lazy\" decoding=\"async\" class=\"aligncenter size-full wp-image-2120\" src=\"http:\/\/sfecag.org\/wp-content\/uploads\/2021\/12\/aff_2021.jpg\" alt=\"\" width=\"206\" height=\"286\" \/><\/a><\/td>\n<td style=\"width: 180.781%; vertical-align: top; text-align: justify; height: 310px;\"><span style=\"font-size: 14px;\"><span style=\"font-size: 12pt;\"><strong>Auch \u2013 2021<\/strong><\/span><br \/>\nConception et r\u00e9alisation L. Rivet, S. Saulnier<br \/>\nPapier kraft orange clair<br \/>\nGouache par transparence sur un mod\u00e8le report\u00e9 au crayon<br \/>\nExpression libre sur le cirque puisque le report du congr\u00e8s de mai \u00e0 septembre s&rsquo;est doubl\u00e9 d&rsquo;un changement de lieu pour les travaux de l&rsquo;association : le CIRCA ou D\u00f4me de Gascogne dont l&rsquo;architecture (permanente) est r\u00e9alis\u00e9e par les lettres AUCH. Le vase \u00e9lanc\u00e9 se tient au milieu de la piste aux \u00e9toiles \u00e9clair\u00e9e et form\u00e9e des lettres SFECAG .<\/span><\/td>\n<\/tr>\n<tr style=\"height: 28px;\">\n<td style=\"width: 17.5923%; height: 28px; vertical-align: top;\"><a href=\"http:\/\/127.0.0.1\/wordpress\/wp-content\/uploads\/2021\/01\/aff_2020.jpg\"><img loading=\"lazy\" decoding=\"async\" class=\"aligncenter size-full wp-image-1876\" src=\"http:\/\/sfecag.org\/wp-content\/uploads\/2021\/01\/aff_2020.jpg\" alt=\"\" width=\"205\" height=\"283\" \/><\/a><\/td>\n<td style=\"width: 180.781%; height: 28px; vertical-align: top; text-align: justify;\"><span style=\"font-size: 16px;\"><strong>Lyon \u2013 2020<\/strong><\/span><br \/>\n<span style=\"font-size: 14px;\">Conception et r\u00e9alisation L. Rivet, S. Saulnier<br \/>\nPapier kraft bleu marine<\/span><br \/>\n<span style=\"font-size: 14px;\">Gouache par transparence sur un mod\u00e8le report\u00e9 au crayon <\/span><br \/>\n<span style=\"font-size: 14px;\">Expression libre sur le plan de Lyon ; clin d&rsquo;oeil au d\u00e9cor de picots sur gobelet d&rsquo;Aco chers \u00e0 A. Desbat et interpr\u00e9tation libre du virus Covid qui a boulevers\u00e9 le calendrier de la Sf\u00e9cag avec un congr\u00e8s qui s&rsquo;est d\u00e9roul\u00e9 \u00e0 la fin du mois de septembre 2020 sous le r\u00e9gime du masque.<\/span><\/td>\n<\/tr>\n<tr style=\"height: 28px;\">\n<td style=\"width: 17.5923%; height: 28px; border-style: groove; vertical-align: top;\"><a href=\"http:\/\/127.0.0.1\/wordpress\/wp-content\/uploads\/2021\/01\/aff_2019.jpg\"><img loading=\"lazy\" decoding=\"async\" class=\"aligncenter size-full wp-image-1875\" src=\"http:\/\/sfecag.org\/wp-content\/uploads\/2021\/01\/aff_2019.jpg\" alt=\"\" width=\"199\" height=\"283\" \/><\/a><\/td>\n<td style=\"width: 180.781%; height: 28px; vertical-align: top; text-align: justify;\"><strong><span style=\"font-size: 16px;\">Maubeuge-Bavay \u2013 2019<\/span><\/strong><br \/>\n<span style=\"font-size: 14px;\">Conception et r\u00e9alisation L. Rivet, S. Saulnier<br \/>\nPapier kraft bleu<\/span><br \/>\n<span style=\"font-size: 14px;\">Gouache par transparence sur un mod\u00e8le report\u00e9 au crayon ; collage<br \/>\nExpression libre sur une des fresques de Pomp\u00e9i repr\u00e9sentant un potier tournant un vase ; clin d&rsquo;\u0153il \u00e0 la chanson \u00ab\u00a0un clair de lune \u00e0 Maubeuge\u00a0\u00bb, cr\u00e9\u00e9e en 1961 par Pierre Perrin et dont la version enregistr\u00e9e la plus c\u00e9l\u00e8bre est celle de Bourvil.<\/span><\/td>\n<\/tr>\n<tr style=\"height: 28px;\">\n<td style=\"width: 17.5923%; height: 28px; vertical-align: top;\"><a href=\"http:\/\/127.0.0.1\/wordpress\/wp-content\/uploads\/2021\/01\/aff_2018.jpg\"><img loading=\"lazy\" decoding=\"async\" class=\"aligncenter size-large wp-image-1874\" src=\"http:\/\/sfecag.org\/wp-content\/uploads\/2021\/01\/aff_2018.jpg\" alt=\"\" width=\"207\" height=\"283\" \/><\/a><\/td>\n<td style=\"width: 180.781%; height: 28px;\">\n<p style=\"text-align: justify;\"><span style=\"font-size: 16px;\"><strong>Reims \u2013 2018<\/strong><\/span><br \/>\n<span style=\"font-size: 14px;\">Conception et r\u00e9alisation L. Rivet, S. Saulnier<br \/>\nPapier kraft argent<\/span><br \/>\n<span style=\"font-size: 14px;\">Gouache par transparence sur un mod\u00e8le report\u00e9 au crayon ; collage<\/span><br \/>\n<span style=\"font-size: 14px;\">Expression libre sur les symboles de Reims (Cryptoportiques, le sourire de Reims) et le champagne (bouteille) et les bulles (logo sur rond coll\u00e9es)<\/span><\/p>\n<\/td>\n<\/tr>\n<tr style=\"height: 28px;\">\n<td style=\"width: 17.5923%; height: 28px; vertical-align: top;\"><a href=\"http:\/\/127.0.0.1\/wordpress\/wp-content\/uploads\/2021\/01\/aff_2017.jpg\"><img loading=\"lazy\" decoding=\"async\" class=\"aligncenter size-large wp-image-1873\" src=\"http:\/\/sfecag.org\/wp-content\/uploads\/2021\/01\/aff_2017.jpg\" alt=\"\" width=\"202\" height=\"283\" \/><\/a><\/td>\n<td style=\"width: 180.781%; height: 28px; vertical-align: top; text-align: justify;\"><span style=\"font-size: 16px;\"><strong>Narbonne \u2013 2017<\/strong><\/span><br \/>\n<span style=\"font-size: 14px;\">Conception et r\u00e9alisation L. Rivet, S. Saulnier<br \/>\nPapier kraft jaune vif<\/span><br \/>\n<span style=\"font-size: 14px;\">Gouache par transparence sur un mod\u00e8le report\u00e9 au crayon ; collage<\/span><br \/>\n<span style=\"font-size: 14px;\">Expression libre sur le motif iconographique de la mosa\u00efque ornant la place des Corporations \u00e0 Ostie et repr\u00e9sentant le port de Narbonne<\/span><\/td>\n<\/tr>\n<tr style=\"height: 28px;\">\n<td style=\"width: 17.5923%; height: 28px; vertical-align: middle;\"><a href=\"http:\/\/127.0.0.1\/wordpress\/wp-content\/uploads\/2021\/01\/aff_2016.jpg\"><img loading=\"lazy\" decoding=\"async\" class=\"aligncenter size-large wp-image-1872\" src=\"http:\/\/sfecag.org\/wp-content\/uploads\/2021\/01\/aff_2016.jpg\" alt=\"\" width=\"209\" height=\"283\" \/><\/a><\/td>\n<td style=\"width: 180.781%; height: 28px; vertical-align: top;\">\n<p style=\"text-align: justify;\"><strong><span style=\"font-size: 16px;\">Autun \u2013 2016<\/span> <\/strong><br \/>\n<span style=\"font-size: 14px;\">Conception et r\u00e9alisation L. Rivet, S. Saulnier<br \/>\nPapier kraft mauve fonc\u00e9.<\/span><br \/>\n<span style=\"font-size: 14px;\">Gouache par transparence sur un mod\u00e8le report\u00e9 au crayon et crayons de couleur.<\/span><br \/>\n<span style=\"font-size: 14px;\">Choix des couleurs en relation avec le th\u00e8me \u00ab\u00a0C\u00e9ramiques en milieux fun\u00e9raires\u00a0\u00bb. L&rsquo;urne cin\u00e9raire barr\u00e9e par le mot \u00ab\u00a0Autun\u00a0\u00bb repr\u00e9sente la lettre grecque th\u00eata pour thanatos (mort). Les lettres SFECAG color\u00e9es de vert et rouge forment une grenade, symbole de la vie \u00e9ternelle. Les mots \u00ab\u00a0congr\u00e8s international\u00a0\u00bb en gris tr\u00e8s clair forment des lemnisques fun\u00e9raires.<\/span><\/p>\n<\/td>\n<\/tr>\n<tr style=\"height: 28px;\">\n<td style=\"width: 17.5923%; height: 28px; vertical-align: top;\"><a href=\"http:\/\/127.0.0.1\/wordpress\/wp-content\/uploads\/2021\/01\/aff_2015.jpg\"><img loading=\"lazy\" decoding=\"async\" class=\"aligncenter size-large wp-image-1871\" src=\"http:\/\/sfecag.org\/wp-content\/uploads\/2021\/01\/aff_2015.jpg\" alt=\"\" width=\"209\" height=\"283\" \/><\/a><\/td>\n<td style=\"width: 180.781%; height: 28px; vertical-align: top; text-align: justify;\"><strong><span style=\"font-size: 16px;\">Nyon \u2013 2015<\/span><\/strong><br \/>\n<span style=\"font-size: 14px;\">Conception et r\u00e9alisation L. Rivet, S. Saulnier<br \/>\nPapier kraft vert. Gouache par transparence sur un mod\u00e8le report\u00e9 au crayon et logo volant attach\u00e9 par un fil.<\/span><br \/>\n<span style=\"font-size: 14px;\">&#8211; Le fronton est form\u00e9 par l&rsquo;acronyme du nom, les colonnes et l&rsquo;entablement <\/span><br \/>\n<span style=\"font-size: 14px;\">&#8211; Nyon a \u00e9pous\u00e9 la forme du lac L\u00e9man<\/span><br \/>\n<span style=\"font-size: 14px;\">&#8211; le simulacre avec le logo fotte, attach\u00e9 \u00e0 l&rsquo;entablement<\/span><\/td>\n<\/tr>\n<tr style=\"height: 28px;\">\n<td style=\"width: 17.5923%; height: 28px; vertical-align: top;\"><a href=\"http:\/\/127.0.0.1\/wordpress\/wp-content\/uploads\/2021\/01\/aff_2014.jpg\"><img loading=\"lazy\" decoding=\"async\" class=\"aligncenter size-large wp-image-1870\" src=\"http:\/\/sfecag.org\/wp-content\/uploads\/2021\/01\/aff_2014.jpg\" alt=\"\" width=\"208\" height=\"283\" \/><\/a><\/td>\n<td style=\"width: 180.781%; height: 28px; vertical-align: top; text-align: justify;\"><strong><span style=\"font-size: 16px;\">Chartres \u2013 2014<\/span> <\/strong><br \/>\n<span style=\"font-size: 14px;\">Conception et r\u00e9alisation L. Rivet, S. Saulnier<br \/>\nPapier kraft noir. Gouache par transparence sur un mod\u00e8le report\u00e9 au crayon<\/span><br \/>\n<span style=\"font-size: 14px;\">Le flacon (forme antique) repr\u00e9sente la capitale des parfums qu&rsquo;est Chartres ;<\/span><span style=\"font-size: 14px;\"> le design et les couleurs renvoient \u00e0 ce symbole<\/span><\/td>\n<\/tr>\n<tr style=\"height: 28px;\">\n<td style=\"width: 17.5923%; height: 28px; vertical-align: top;\"><a href=\"http:\/\/127.0.0.1\/wordpress\/wp-content\/uploads\/2021\/01\/aff_2013.jpg\"><img loading=\"lazy\" decoding=\"async\" class=\"aligncenter size-large wp-image-1869\" src=\"http:\/\/sfecag.org\/wp-content\/uploads\/2021\/01\/aff_2013.jpg\" alt=\"\" width=\"210\" height=\"283\" \/><\/a><\/td>\n<td style=\"width: 180.781%; height: 28px; vertical-align: top; text-align: justify;\"><span style=\"font-size: 16px;\"><strong>Amiens \u2013 2013<\/strong><\/span><br \/>\n<span style=\"font-size: 14px;\">Conception et r\u00e9alisation L. Rivet, S. Saulnier<br \/>\nPapier kraft rouge. Gouache par transparence sur un mod\u00e8le <\/span><br \/>\n<span style=\"font-size: 14px;\">Le cavalier (motif de d\u00e9cor sur sigill\u00e9e moul\u00e9e italique) symbolise l&rsquo;arm\u00e9e romaine en mouvement, conqu\u00e9rante qui am\u00e8ne la \u00ab\u00a0civilisation\u00a0\u00bb, et, en particulier, des modes alimentaires diff\u00e9rents, donc des vaisselles diff\u00e9rentes comme les assiettes en sigill\u00e9e italique. Amiens en bleu ait r\u00e9f\u00e9rence \u00e0 la Somme sur laquelle est situ\u00e9e <em>Samarobriva<\/em>. Les couleurs renvoient \u00e0 l'\u00a0\u00bbAffiche rouge\u00a0\u00bb<\/span><\/td>\n<\/tr>\n<tr style=\"height: 325px;\">\n<td style=\"width: 17.5923%; height: 325px; vertical-align: middle;\"><a href=\"http:\/\/127.0.0.1\/wordpress\/wp-content\/uploads\/2021\/01\/aff_2012.jpg\"><img loading=\"lazy\" decoding=\"async\" class=\"aligncenter size-large wp-image-1868\" src=\"http:\/\/sfecag.org\/wp-content\/uploads\/2021\/01\/aff_2012.jpg\" alt=\"\" width=\"193\" height=\"283\" \/><\/a><\/td>\n<td style=\"width: 180.781%; height: 325px; text-align: justify;\"><span style=\"font-size: 16px;\"><strong>Poitiers \u2013 2012<\/strong><\/span><br \/>\n<span style=\"font-size: 14px;\">Conception et r\u00e9alisation L. Rivet, S. Saulnier<br \/>\nPapier affiche vert. Gouache par transparence sur un mod\u00e8le <\/span><br \/>\n<span style=\"font-size: 14px;\">&#8211; Poitiers et Sf\u00e9cag donnent la topographie fluviale de la cit\u00e9. <\/span><span style=\"font-size: 14px;\">Poitiers, avec le I et le T li\u00e9s, donne l&rsquo;impression de lire Potiers ; <\/span><span style=\"font-size: 14px;\">les petites fleurs font r\u00e9f\u00e9rence \u00e0 la c\u00e9ramique r\u00e9gionale dite \u00ab\u00a0\u00e0 l&rsquo;\u00e9ponge\u00a0\u00bb, <\/span><span style=\"font-size: 14px;\">les deux petits traits courbes, en haut,dessinent le col d&rsquo;un pot qui se d\u00e9veloppent avec Sf\u00e9cag et dont Poitiers est l&rsquo;axe\u00a0 ; <\/span><span style=\"font-size: 14px;\">les couleurs renvoient au film \u00ab\u00a0Le bonheur est dans le pr\u00e9\u00a0\u00bb qui se d\u00e9roule dans le marais poitevin<\/span><\/td>\n<\/tr>\n<tr style=\"height: 325px;\">\n<td style=\"width: 17.5923%; height: 325px; vertical-align: top;\"><a href=\"http:\/\/127.0.0.1\/wordpress\/wp-content\/uploads\/2021\/01\/aff_2011.jpg\"><img loading=\"lazy\" decoding=\"async\" class=\"aligncenter size-large wp-image-1867\" src=\"http:\/\/sfecag.org\/wp-content\/uploads\/2021\/01\/aff_2011.jpg\" alt=\"\" width=\"193\" height=\"283\" \/><\/a><\/td>\n<td style=\"width: 180.781%; height: 325px; text-align: justify; vertical-align: top;\"><strong><span style=\"font-size: 16px;\">Arles \u2013 2011<\/span><\/strong><br \/>\n<span style=\"font-size: 14px;\">Conception et r\u00e9alisation L. Rivet, S. Saulnier<br \/>\nPapier kraft. Contours \u00e0 l&rsquo;imprimante et gouache <\/span><br \/>\n<span style=\"font-size: 14px;\">Les lettres d&rsquo;Arles coup\u00e9es en deux repr\u00e9sentent le passage du Rh\u00f4ne et <em>Arelate duplex<\/em> puisque la ville de la rive droite est aussi importante que celle qui se d\u00e9veloppe sur la rive gauche. Le bleu se veut \u00eatre celui du Mus\u00e9e.<\/span><br \/>\n<span style=\"font-size: 14px;\">Le pot (importation) provient d&rsquo;une fouille dans le Rh\u00f4ne et symbolise les \u00e9changes commerciaux de ce port fluvio-maritime tr\u00e8s actif pendant l&rsquo;Antiquit\u00e9<\/span><\/td>\n<\/tr>\n<tr style=\"height: 325px;\">\n<td style=\"width: 17.5923%; height: 325px; vertical-align: top;\"><a href=\"http:\/\/127.0.0.1\/wordpress\/wp-content\/uploads\/2021\/01\/aff_2010.jpg\"><img loading=\"lazy\" decoding=\"async\" class=\"aligncenter size-large wp-image-1866\" src=\"http:\/\/sfecag.org\/wp-content\/uploads\/2021\/01\/aff_2010.jpg\" alt=\"\" width=\"131\" height=\"283\" \/><\/a><\/td>\n<td style=\"width: 180.781%; height: 325px; text-align: justify;\"><span style=\"font-size: 16px;\"><strong>Chelles \u2013 2010<\/strong><\/span><br \/>\n<span style=\"font-size: 14px;\">Conception et r\u00e9alisation L. Rivet, S. Saulnier<br \/>\nPapier kraft. Contours gris \u00e0 l&rsquo;imprimante et gouache <\/span><br \/>\n<span style=\"font-size: 14px;\">&#8211; Chelles en bleu repr\u00e9sente la Marne<\/span><br \/>\n<span style=\"font-size: 14px;\">&#8211; de part et d&rsquo;autre les piles de vases illustrent les immeubles des banlieues de la r\u00e9gion parisienne<\/span><br \/>\n<span style=\"font-size: 14px;\">&#8211; l&rsquo;image \u00e9voque \u00e9galement le sujet des limites de cit\u00e9s \u00e0 travers l&rsquo;\u00e9tude des faci\u00e8s c\u00e9ramiques<\/span><\/td>\n<\/tr>\n<tr style=\"height: 400px;\">\n<td style=\"width: 17.5923%; height: 400px; vertical-align: top;\">\n<p><figure id=\"attachment_1865\" aria-describedby=\"caption-attachment-1865\" style=\"width: 149px\" class=\"wp-caption aligncenter\"><a href=\"http:\/\/127.0.0.1\/wordpress\/wp-content\/uploads\/2021\/01\/aff_2009.jpg\"><img loading=\"lazy\" decoding=\"async\" class=\"size-large wp-image-1865\" src=\"http:\/\/sfecag.org\/wp-content\/uploads\/2021\/01\/aff_2009.jpg\" alt=\"\" width=\"149\" height=\"340\" \/><\/a><figcaption id=\"caption-attachment-1865\" class=\"wp-caption-text\">Vendredi 22 mai : Alain Ferdi\u00e8re<\/figcaption><\/figure><\/td>\n<td style=\"width: 180.781%; height: 400px; text-align: justify;\"><strong><span style=\"font-size: 16px;\">Colmar \u2013 2009<\/span><\/strong><br \/>\n<span style=\"font-size: 14px;\">Conception et r\u00e9alisation L. Rivet, S. Saulnier<br \/>\nPapier affiche bleu ciel. Contours \u00e0 l&rsquo;imprimante et gouache <\/span><br \/>\n<span style=\"font-size: 14px;\">&#8211; vase \u00e0 visage de l&rsquo;est de la Gaule, color\u00e9<\/span><br \/>\n<span style=\"font-size: 14px;\">&#8211; les traits blancs qui l&rsquo;entourent renvoient aux langes qui contiennent les b\u00e9b\u00e9s apport\u00e9s par les cigognes<\/span><\/td>\n<\/tr>\n<tr style=\"height: 325px;\">\n<td style=\"width: 17.5923%; height: 325px; vertical-align: top;\"><a href=\"http:\/\/127.0.0.1\/wordpress\/wp-content\/uploads\/2021\/01\/aff_2008.jpg\"><img loading=\"lazy\" decoding=\"async\" class=\"aligncenter size-large wp-image-1864\" src=\"http:\/\/sfecag.org\/wp-content\/uploads\/2021\/01\/aff_2008.jpg\" alt=\"\" width=\"209\" height=\"283\" \/><\/a><\/td>\n<td style=\"width: 180.781%; height: 325px; text-align: justify;\"><strong>L&rsquo;Escala-Empuri\u00e8s \u2013 2008<\/strong><br \/>\n<span style=\"font-size: 14px;\">Conception-r\u00e9alisation L. Rivet, S. Saulnier <\/span><br \/>\n<span style=\"font-size: 14px;\">Papier dessin blanc, pochoir pour les \u00e9critures et collages (d\u00e9coup\u00e9s dans le Canard Encha\u00een\u00e9)<\/span><br \/>\n<span style=\"font-size: 12px;\"><span style=\"font-size: 14px;\">&#8211; demi-amphore de Tarraconaise et gobelets en parois fines hispanique<\/span>s<\/span><\/td>\n<\/tr>\n<tr style=\"height: 325px;\">\n<td style=\"width: 17.5923%; height: 325px; vertical-align: top;\"><a href=\"http:\/\/127.0.0.1\/wordpress\/wp-content\/uploads\/2021\/01\/aff_2007.jpg\"><img loading=\"lazy\" decoding=\"async\" class=\"aligncenter size-large wp-image-1863\" src=\"http:\/\/sfecag.org\/wp-content\/uploads\/2021\/01\/aff_2007.jpg\" alt=\"\" width=\"217\" height=\"283\" \/><\/a><\/td>\n<td style=\"width: 180.781%; height: 325px; text-align: justify;\"><strong>Langres \u2013 2007<\/strong><br \/>\n<span style=\"font-size: 14px;\">Conception-r\u00e9alisation L. Rivet, S. Saulnier<\/span><br \/>\n<span style=\"font-size: 14px;\">Papier kraft. Mod\u00e8le au pochoir et gouache<\/span><br \/>\n<span style=\"font-size: 14px;\">&#8211; coupe Drag. 37 retourn\u00e9e et traits rayonnants pour un cadran solaire, renvoyant au th\u00e8me m\u00e9thodologique relatif \u00e0 la datation <\/span><br \/>\n<span style=\"font-size: 14px;\">&#8211; Langres \u00e9tant inscrit dans les rayons du soleil<\/span><br \/>\n<span style=\"font-size: 14px;\">&#8211; choix du Drag. 37 parce que c&rsquo;est un bon marqueur chronologique<\/span><\/td>\n<\/tr>\n<tr style=\"height: 325px;\">\n<td style=\"width: 17.5923%; height: 325px; vertical-align: top;\"><a href=\"http:\/\/127.0.0.1\/wordpress\/wp-content\/uploads\/2021\/01\/aff_2006.jpg\"><img loading=\"lazy\" decoding=\"async\" class=\"aligncenter size-large wp-image-1862\" src=\"http:\/\/sfecag.org\/wp-content\/uploads\/2021\/01\/aff_2006.jpg\" alt=\"\" width=\"131\" height=\"283\" \/><\/a><\/td>\n<td style=\"width: 180.781%; height: 325px; text-align: justify;\"><strong><span style=\"font-size: 16px;\">P\u00e9zenas \u2013 2006<\/span><\/strong><br \/>\n<span style=\"font-size: 14px;\">Conception-r\u00e9alisation L. Rivet, S. Saulnier<\/span><br \/>\n<span style=\"font-size: 14px;\">Papier kraft. Mod\u00e8le \u00e0 l&rsquo;imprimante, stabylo vert et rouge et gouache jaune<\/span><br \/>\n<span style=\"font-size: 14px;\">&#8211; masque de th\u00e9\u00e2tre de m\u00e9daillon de lampe de la vall\u00e9e du P\u00f4 en hommage \u00e0 Moli\u00e8re, P\u00e9zenas \u00e9tant sa ville natale<\/span><br \/>\n<span style=\"font-size: 14px;\">&#8211; Sf\u00e9cag \u00e9tant dans la chevelure boucl\u00e9e<\/span><\/td>\n<\/tr>\n<tr style=\"height: 325px;\">\n<td style=\"width: 17.5923%; height: 325px; vertical-align: top;\"><a href=\"http:\/\/127.0.0.1\/wordpress\/wp-content\/uploads\/2021\/01\/aff_2005.jpg\"><img loading=\"lazy\" decoding=\"async\" class=\"aligncenter size-large wp-image-1861\" src=\"http:\/\/sfecag.org\/wp-content\/uploads\/2021\/01\/aff_2005.jpg\" alt=\"\" width=\"134\" height=\"283\" \/><\/a><\/td>\n<td style=\"width: 180.781%; height: 325px; text-align: justify;\"><span style=\"font-size: 16px;\"><strong>Blois \u2013 2005<\/strong><\/span><br \/>\n<span style=\"font-size: 14px;\">Conception-r\u00e9alisation L. Rivet, S. Saulnier<\/span><br \/>\n<span style=\"font-size: 14px;\">Papier kraft. Imprimante couleur<\/span><br \/>\n<span style=\"font-size: 14px;\">&#8211; cr\u00e9neaux et des chemin\u00e9es du ch\u00e2teau de Blois<\/span><br \/>\n<span style=\"font-size: 14px;\">&#8211; silhouette d&rsquo;une bouteille<\/span><\/td>\n<\/tr>\n<tr style=\"height: 382px;\">\n<td style=\"width: 17.5923%; height: 382px; vertical-align: top;\"><a href=\"http:\/\/127.0.0.1\/wordpress\/wp-content\/uploads\/2021\/01\/aff_2004.jpg\"><img loading=\"lazy\" decoding=\"async\" class=\"aligncenter size-large wp-image-1860\" src=\"http:\/\/sfecag.org\/wp-content\/uploads\/2021\/01\/aff_2004.jpg\" alt=\"\" width=\"150\" height=\"340\" \/><\/a><\/td>\n<td style=\"width: 180.781%; height: 382px; text-align: justify;\"><span style=\"font-size: 16px;\"><strong>Vallauris \u2013 2004<\/strong><\/span><br \/>\n<span style=\"font-size: 14px;\">Conception-r\u00e9alisation L. Rivet, S. Saulnier<\/span><br \/>\n<span style=\"font-size: 14px;\">Papier dessin blanc. Imprimante couleur<\/span><br \/>\n<span style=\"font-size: 14px;\">&#8211; Vases color\u00e9s et bandeau vert vertical d\u00e9pouill\u00e9 \u00e0 la mani\u00e8re des peintres modernes<\/span><\/td>\n<\/tr>\n<tr style=\"height: 325px;\">\n<td style=\"width: 17.5923%; height: 325px; vertical-align: top;\"><a href=\"http:\/\/127.0.0.1\/wordpress\/wp-content\/uploads\/2021\/01\/aff_2003.jpg\"><img loading=\"lazy\" decoding=\"async\" class=\"aligncenter size-large wp-image-1859\" src=\"http:\/\/sfecag.org\/wp-content\/uploads\/2021\/01\/aff_2003.jpg\" alt=\"\" width=\"193\" height=\"283\" \/><\/a><\/td>\n<td style=\"width: 180.781%; height: 325px; text-align: justify;\"><span style=\"font-size: 16px;\"><strong>Saint-Romain-en-Gal \u2013 2003<\/strong><\/span><br \/>\n<span style=\"font-size: 14px;\">Conception S. Saulnier<\/span><br \/>\n<span style=\"font-size: 14px;\">Papier dessin orange claire. Imprimante. Aplat de couleur orange<\/span><br \/>\n<span style=\"font-size: 14px;\">&#8211; m\u00e9daillon d&rsquo;applique de la Vall\u00e9e du Rh\u00f4ne repr\u00e9sentant la Tutelle de Vienne.<\/span><br \/>\n<span style=\"font-size: 14px;\">&#8211; les lettres de l&rsquo;inscription Vienna Flor Felix ont \u00e9t\u00e9 remplac\u00e9es par Sfecag Flor Felix<\/span><br \/>\n<span style=\"font-size: 14px;\">&#8211; \u00e0 l&rsquo;exergue du m\u00e9daillon, informations relatives au congr\u00e8s en lettres antiques<\/span><\/td>\n<\/tr>\n<tr style=\"height: 325px;\">\n<td style=\"width: 17.5923%; height: 325px; vertical-align: top;\"><a href=\"http:\/\/127.0.0.1\/wordpress\/wp-content\/uploads\/2021\/01\/aff_2002.jpg\"><img loading=\"lazy\" decoding=\"async\" class=\"aligncenter size-large wp-image-1858\" src=\"http:\/\/sfecag.org\/wp-content\/uploads\/2021\/01\/aff_2002.jpg\" alt=\"\" width=\"175\" height=\"283\" \/><\/a><\/td>\n<td style=\"width: 180.781%; height: 325px; text-align: justify;\"><strong><span style=\"font-size: 16px;\">Bayeux \u2013 2002<\/span><\/strong><br \/>\n<span style=\"font-size: 14px;\">Conception et r\u00e9alisation S. Saulnier et Y. Rigoir<\/span><br \/>\n<span style=\"font-size: 14px;\">Papier dessin blanc. Imprimante couleur.<\/span><br \/>\n<span style=\"font-size: 14px;\">&#8211; fond : photographie du tissu de la tapisserie de Bayeux<\/span><br \/>\n<span style=\"font-size: 14px;\">&#8211; lettres copi\u00e9es de la tapisserie de Bayeux,<\/span><br \/>\n<span style=\"font-size: 14px;\">&#8211; d\u00e9partement colori\u00e9 sur le logo de la Sf\u00e9cag<\/span><\/td>\n<\/tr>\n<tr style=\"height: 325px;\">\n<td style=\"width: 17.5923%; height: 325px; vertical-align: top;\"><a href=\"http:\/\/127.0.0.1\/wordpress\/wp-content\/uploads\/2021\/01\/aff_2001.jpg\"><img loading=\"lazy\" decoding=\"async\" class=\"aligncenter size-large wp-image-1857\" src=\"http:\/\/sfecag.org\/wp-content\/uploads\/2021\/01\/aff_2001.jpg\" alt=\"\" width=\"223\" height=\"283\" \/><\/a><\/td>\n<td style=\"width: 180.781%; height: 325px; text-align: justify;\"><strong>Lille \u2013 2001<\/strong><br \/>\n<span style=\"font-size: 14px;\">Conception-r\u00e9alisation Y. Rigoir <\/span><br \/>\n<span style=\"font-size: 14px;\">Papier kraft et papier de couleur rouge. Imprimante, collage et pliage <\/span><br \/>\n<span style=\"font-size: 14px;\">&#8211; forme de jatte du nord de la Gaule r\u00e9alis\u00e9e avec les lettres du mot Lille<\/span><\/td>\n<\/tr>\n<tr style=\"height: 325px;\">\n<td style=\"width: 17.5923%; height: 325px; vertical-align: top;\"><a href=\"http:\/\/127.0.0.1\/wordpress\/wp-content\/uploads\/2021\/01\/aff_2000.jpg\"><img loading=\"lazy\" decoding=\"async\" class=\"aligncenter size-large wp-image-1856\" src=\"http:\/\/sfecag.org\/wp-content\/uploads\/2021\/01\/aff_2000.jpg\" alt=\"\" width=\"219\" height=\"283\" \/><\/a><\/td>\n<td style=\"width: 180.781%; height: 325px; text-align: justify;\"><span style=\"font-size: 16px;\"><strong>Libourne \u2013 2000<\/strong><\/span><br \/>\n<span style=\"font-size: 12px;\">Conception-r\u00e9alisation Y. Rigoir, L. Rivet, S. Saulnier<\/span><br \/>\n<span style=\"font-size: 14px;\">Papier dessin jaune clair ou fonc\u00e9, ou saumon. Sortie imprimante sur format A3 agrandi \u00e0 la photocopieuse sur A2 puis gouache<\/span><br \/>\n<span style=\"font-size: 14px;\">&#8211; demi-palmette en DS.P. avec touches de couleur<\/span><\/td>\n<\/tr>\n<tr style=\"height: 184px;\">\n<td style=\"width: 17.5923%; height: 184px; vertical-align: top;\"><a href=\"http:\/\/127.0.0.1\/wordpress\/wp-content\/uploads\/2021\/01\/aff_1999.jpg\"><img loading=\"lazy\" decoding=\"async\" class=\"aligncenter size-large wp-image-1855\" src=\"http:\/\/sfecag.org\/wp-content\/uploads\/2021\/01\/aff_1999.jpg\" alt=\"\" width=\"202\" height=\"142\" \/><\/a><\/td>\n<td style=\"width: 180.781%; height: 184px; text-align: justify;\"><span style=\"font-size: 16px;\"><strong>Fribourg (Suisse) \u2013 1999<\/strong><\/span><br \/>\n<span style=\"font-size: 14px;\">Conception-r\u00e9alisation L. Rivet, S. Saulnier<\/span><br \/>\n<span style=\"font-size: 14px;\">Papier kraft. Imprimante noir et blanc<\/span><br \/>\n<span style=\"font-size: 14px;\">&#8211; une fl\u00e8che (Guillaume Tell) transper\u00e7ant le nom de Fribourg et explosant un vase<\/span><\/td>\n<\/tr>\n<tr style=\"height: 325px;\">\n<td style=\"width: 17.5923%; height: 325px;\"><a href=\"http:\/\/127.0.0.1\/wordpress\/wp-content\/uploads\/2021\/01\/aff_1998.jpg\"><img loading=\"lazy\" decoding=\"async\" class=\"aligncenter size-large wp-image-1854\" src=\"http:\/\/sfecag.org\/wp-content\/uploads\/2021\/01\/aff_1998.jpg\" alt=\"\" width=\"245\" height=\"283\" \/><\/a><\/td>\n<td style=\"width: 180.781%; height: 325px; vertical-align: top; text-align: justify;\"><span style=\"font-size: 16px;\"><strong>Istres \u2013 1998<\/strong><\/span><br \/>\n<span style=\"font-size: 14px;\">Conception-r\u00e9alisation Y. Rigoir Papier kraft<\/span><br \/>\n<span style=\"font-size: 14px;\">S\u00e9rigraphie<\/span><br \/>\n<span style=\"font-size: 14px;\">&#8211; amphores Dressel 20 et Istres (en rouge ou en brun) en lettres des inscriptions peintes faisant r\u00e9f\u00e9rence au th\u00e8me de la journ\u00e9e r\u00e9gionale sur les importations d&rsquo;amphores<\/span><br \/>\n<span style=\"font-size: 14px;\">&#8211; certains exemplaires retaill\u00e9s et d\u00e9tour\u00e9s \u00e0 gauche en suivant la courbe de l&rsquo;amphore<\/span><\/td>\n<\/tr>\n<tr style=\"height: 325px;\">\n<td style=\"width: 17.5923%; height: 325px; vertical-align: top;\"><a href=\"http:\/\/127.0.0.1\/wordpress\/wp-content\/uploads\/2021\/01\/aff_1997.jpg\"><img loading=\"lazy\" decoding=\"async\" class=\"aligncenter size-large wp-image-1853\" src=\"http:\/\/sfecag.org\/wp-content\/uploads\/2021\/01\/aff_1997.jpg\" alt=\"\" width=\"183\" height=\"283\" \/><\/a><\/td>\n<td style=\"width: 180.781%; height: 325px; text-align: justify; vertical-align: top;\"><strong>Le Mans \u2013 1997<\/strong><br \/>\n<span style=\"font-size: 14px;\">Conception Y. Rigoir, L. Rivet, S. Saulnier<\/span><br \/>\n<span style=\"font-size: 14px;\">Papier dessin bleu ou lilas et s\u00e9rigraphie<\/span><br \/>\n<span style=\"font-size: 14px;\">&#8211; contour du logo de la Sf\u00e9cag en drapeau d&rsquo;arriv\u00e9e des 24 heures du Mans<\/span><\/td>\n<\/tr>\n<tr style=\"height: 396px;\">\n<td style=\"width: 17.5923%; height: 396px; vertical-align: top;\"><a href=\"http:\/\/127.0.0.1\/wordpress\/wp-content\/uploads\/2021\/01\/aff_1996.jpg\"><img loading=\"lazy\" decoding=\"async\" class=\"aligncenter size-large wp-image-1852\" src=\"http:\/\/sfecag.org\/wp-content\/uploads\/2021\/01\/aff_1996.jpg\" alt=\"\" width=\"177\" height=\"354\" \/><\/a><\/td>\n<td style=\"width: 180.781%; height: 396px; vertical-align: top;\"><span style=\"font-size: 16px;\"><strong>Dijon \u2013 1996<\/strong><\/span><br \/>\n<span style=\"font-size: 14px;\">Conception Y. Rigoir, L. Rivet, S. Saulnier.<br \/>\nS\u00e9rigraphie Y. Rigoir<\/span><br \/>\n<span style=\"font-size: 14px;\">Papier affiche blanc. S\u00e9rigraphie Y. Rigoir<\/span><br \/>\n<span style=\"font-size: 14px;\">&#8211; grappes de raisin en rouge (pour le vin\/la Bourgogne)<\/span><br \/>\n<span style=\"font-size: 12px;\"><span style=\"font-size: 14px;\">&#8211; et sarment marqu\u00e9 par Soci\u00e9t\u00e9 Fran\u00e7aise &#8230;; &#8211; fa\u00e7on Coct<\/span>eau<\/span><\/td>\n<\/tr>\n<tr style=\"height: 325px;\">\n<td style=\"width: 17.5923%; height: 325px; vertical-align: top;\"><a href=\"http:\/\/127.0.0.1\/wordpress\/wp-content\/uploads\/2021\/01\/aff_1995.jpg\"><img loading=\"lazy\" decoding=\"async\" class=\"aligncenter size-large wp-image-1851\" src=\"http:\/\/sfecag.org\/wp-content\/uploads\/2021\/01\/aff_1995.jpg\" alt=\"\" width=\"199\" height=\"283\" \/><\/a><\/td>\n<td style=\"width: 180.781%; height: 325px; text-align: justify; vertical-align: top;\"><span style=\"font-size: 16px;\"><strong>Rouen \u2013 1995<\/strong><\/span><br \/>\n<span style=\"font-size: 14px;\">Conception L. Rivet, S. Saulnier<\/span><br \/>\n<span style=\"font-size: 14px;\">Papier couleur bleu, orange clair. Photocopie noir et couleur<\/span><br \/>\n<span style=\"font-size: 14px;\">&#8211; navire antique renvoyant aux voiles de la Libert\u00e9, manifestation de vieux gr\u00e9ements ayant lieu \u00e0 Rouen<\/span><br \/>\n<span style=\"font-size: 14px;\">&#8211; Rouen dans le corps du navire et Sf\u00e9cag dans la voilure<\/span><\/td>\n<\/tr>\n<tr style=\"height: 325px;\">\n<td style=\"width: 17.5923%; height: 325px; vertical-align: top;\"><a href=\"http:\/\/127.0.0.1\/wordpress\/wp-content\/uploads\/2021\/01\/aff_1994.jpg\"><img loading=\"lazy\" decoding=\"async\" class=\"aligncenter size-large wp-image-1850\" src=\"http:\/\/sfecag.org\/wp-content\/uploads\/2021\/01\/aff_1994.jpg\" alt=\"\" width=\"202\" height=\"283\" \/><\/a><\/td>\n<td style=\"width: 180.781%; height: 325px;\"><span style=\"font-size: 16px;\"><strong>Millau \u2013 1994<\/strong><\/span><br \/>\n<span style=\"font-size: 14px;\">Conception Y. Rigoir.<\/span><br \/>\n<span style=\"font-size: 14px;\">Papier affiche noir et s\u00e9rigraphie Y. Rigoir<\/span><br \/>\n<span style=\"font-size: 14px;\">&#8211; fond d&rsquo;assiette cass\u00e9 avec estampille (Rigoir),<\/span><br \/>\n<span style=\"font-size: 14px;\">&#8211; \u00e9criture en cursive imitant les comptes de potiers, <\/span><br \/>\n<span style=\"font-size: 14px;\">&#8211; faute dans la date (comme sur les comptes de potiers)<\/span><\/td>\n<\/tr>\n<tr style=\"height: 325px;\">\n<td style=\"width: 17.5923%; height: 325px; vertical-align: top;\"><a href=\"http:\/\/127.0.0.1\/wordpress\/wp-content\/uploads\/2021\/01\/aff_1993.jpg\"><img loading=\"lazy\" decoding=\"async\" class=\"aligncenter size-large wp-image-1849\" src=\"http:\/\/sfecag.org\/wp-content\/uploads\/2021\/01\/aff_1993.jpg\" alt=\"\" width=\"200\" height=\"283\" \/><\/a><\/td>\n<td style=\"width: 180.781%; height: 325px;\"><span style=\"font-size: 16px;\"><strong>Versailles \u2013 1993<\/strong><\/span><br \/>\n<span style=\"font-size: 14px;\">Conception Y. Rigoir, L. Rivet, S. Saulnier<\/span><br \/>\n<span style=\"font-size: 14px;\">Papier affiche jaune, photocopie sur papier couleur pour le noir<\/span><br \/>\n<span style=\"font-size: 14px;\">et s\u00e9rigraphie Y. Rigoir pour le logo<\/span><br \/>\n<span style=\"font-size: 14px;\">&#8211; Versailles et le roi-soleil<\/span><br \/>\n<span style=\"font-size: 14px;\">&#8211; Sfecag dans les rayons du soleil<\/span><br \/>\n<span style=\"font-size: 14px;\">&#8211; et le logo de l&rsquo;association qui rayonne sur la France<\/span><\/td>\n<\/tr>\n<tr style=\"height: 325px;\">\n<td style=\"width: 17.5923%; height: 325px; vertical-align: top;\"><a href=\"http:\/\/127.0.0.1\/wordpress\/wp-content\/uploads\/2021\/01\/aff_1992.jpg\"><img loading=\"lazy\" decoding=\"async\" class=\"aligncenter size-large wp-image-1848\" src=\"http:\/\/sfecag.org\/wp-content\/uploads\/2021\/01\/aff_1992.jpg\" alt=\"\" width=\"191\" height=\"283\" \/><\/a><\/td>\n<td style=\"width: 180.781%; height: 325px; text-align: justify; vertical-align: top;\"><span style=\"font-size: 16px;\"><strong>Tournai \u2013 1992<\/strong><\/span><br \/>\n<span style=\"font-size: 14px;\">Affiche r\u00e9alis\u00e9e par les organisateurs sur place (R. Brulet et al.) <\/span><br \/>\n<span style=\"font-size: 14px;\">Papier affiche fond bleu et photo en noir et blanc d&rsquo;un gobelet-tonnelet en terra nigra<\/span><\/td>\n<\/tr>\n<tr style=\"height: 325px;\">\n<td style=\"width: 17.5923%; height: 325px; vertical-align: top;\"><a href=\"http:\/\/127.0.0.1\/wordpress\/wp-content\/uploads\/2021\/01\/aff_1991.jpg\"><img loading=\"lazy\" decoding=\"async\" class=\"aligncenter size-large wp-image-1847\" src=\"http:\/\/sfecag.org\/wp-content\/uploads\/2021\/01\/aff_1991.jpg\" alt=\"\" width=\"202\" height=\"283\" \/><\/a><\/td>\n<td style=\"width: 180.781%; height: 325px; text-align: justify; vertical-align: top;\"><strong><span style=\"font-size: 16px;\">Cognac \u2013 1991<\/span><\/strong><br \/>\n<span style=\"font-size: 14px;\">Conception Y. Rigoir, L. Rivet, S. Saulnier<\/span><br \/>\n<span style=\"font-size: 14px;\">Papier affiche rouge-orange. S\u00e9rigraphie Y. Rigoir<\/span><br \/>\n<span style=\"font-size: 14px;\">&#8211; logo de la Sf\u00e9cag en fond blanc <\/span><br \/>\n<span style=\"font-size: 14px;\">&#8211; gobelet rempli d&rsquo;un liquide couleur cognac qui d\u00e9verse les lettres SFECAG dans une coupe appartenant \u00e0 la typologie de la r\u00e9gion aquitaine<\/span><\/td>\n<\/tr>\n<tr style=\"height: 325px;\">\n<td style=\"width: 17.5923%; height: 325px; vertical-align: top;\"><a href=\"http:\/\/127.0.0.1\/wordpress\/wp-content\/uploads\/2021\/01\/aff_1990.jpg\"><img loading=\"lazy\" decoding=\"async\" class=\"aligncenter size-large wp-image-1846\" src=\"http:\/\/sfecag.org\/wp-content\/uploads\/2021\/01\/aff_1990.jpg\" alt=\"\" width=\"228\" height=\"283\" \/><\/a><\/td>\n<td style=\"width: 180.781%; height: 325px;\"><strong><span style=\"font-size: 16px;\">Mandeure-Mathay \u2013 1990<\/span><\/strong><br \/>\n<span style=\"font-size: 14px;\">Conception Y. Rigoir, L. Rivet, Nicole Rohmann<\/span><br \/>\n<span style=\"font-size: 14px;\">Papier dessin jaune p\u00e2le. S\u00e9rigraphie Y. Rigoir<\/span><br \/>\n<span style=\"font-size: 14px;\">&#8211; logo de la Sf\u00e9cag,<\/span><br \/>\n<span style=\"font-size: 14px;\">&#8211; le lieu du congr\u00e8s est indiqu\u00e9 par une \u00e9toile<\/span><\/td>\n<\/tr>\n<tr style=\"height: 325px;\">\n<td style=\"width: 17.5923%; height: 325px; vertical-align: top;\"><a href=\"http:\/\/127.0.0.1\/wordpress\/wp-content\/uploads\/2021\/01\/aff_1989.jpg\"><img loading=\"lazy\" decoding=\"async\" class=\"aligncenter size-large wp-image-1845\" src=\"http:\/\/sfecag.org\/wp-content\/uploads\/2021\/01\/aff_1989.jpg\" alt=\"\" width=\"213\" height=\"283\" \/><\/a><\/td>\n<td style=\"width: 180.781%; height: 325px; text-align: justify; vertical-align: top;\"><strong><span style=\"font-size: 16px;\">Lezoux \u2013 1989<\/span><\/strong><br \/>\n<span style=\"font-size: 14px;\">Conception Y. Rigoir, L. Rivet<\/span><br \/>\n<span style=\"font-size: 14px;\">Papier kraft et s\u00e9rigraphie couleur brique et blanc avec m\u00e9langes Y. Rigoir<\/span><br \/>\n<span style=\"font-size: 14px;\">&#8211; vase de Lezoux d\u00e9cor\u00e9 \u00e0 la barbotine<\/span><\/td>\n<\/tr>\n<tr style=\"height: 28px;\">\n<td style=\"width: 17.5923%; height: 28px; vertical-align: top;\"><a href=\"http:\/\/127.0.0.1\/wordpress\/wp-content\/uploads\/2021\/01\/aff_1988.jpg\"><img loading=\"lazy\" decoding=\"async\" class=\"aligncenter size-full wp-image-1844\" src=\"http:\/\/sfecag.org\/wp-content\/uploads\/2021\/01\/aff_1988.jpg\" alt=\"\" width=\"218\" height=\"283\" \/><\/a><\/td>\n<td style=\"width: 180.781%; height: 28px; vertical-align: top; text-align: justify;\"><strong><span style=\"font-size: 16px;\">Orange \u2013 1988<\/span><\/strong><br \/>\n<span style=\"font-size: 14px;\">Conception-r\u00e9alisation Y. Rigoir<\/span><br \/>\n<span style=\"font-size: 14px;\">Papier kraft et s\u00e9rigraphie couleur brique et blanc avec m\u00e9langes, Y. Rigoir<\/span><br \/>\n<span style=\"font-size: 14px;\">&#8211; cruche en sigill\u00e9e claire B born\u00e9e par le sigle Sfecag<\/span><\/td>\n<\/tr>\n<\/tbody>\n<\/table>\n","protected":false},"excerpt":{"rendered":"<p>Bruxelles \u2013 2025 Conception et r\u00e9alisation L. Rivet, S. Saulnier Papier kraft brun Gouache par transparence sur un mod\u00e8le report\u00e9 au crayon Expression libre sur le th\u00e8me de la c\u00e9ramique de l&rsquo;Antiquit\u00e9 tardive dans le nord de la Gaule. Le vase illustr\u00e9 est un pot d\u00e9cor\u00e9 \u00e0 la roulette du haut moyen \u00e2ge de la [&hellip;]<\/p>\n","protected":false},"author":1,"featured_media":0,"parent":0,"menu_order":0,"comment_status":"closed","ping_status":"closed","template":"","meta":{"footnotes":""},"class_list":["post-1686","page","type-page","status-publish","hentry"],"_links":{"self":[{"href":"https:\/\/sfecag.org\/index.php\/wp-json\/wp\/v2\/pages\/1686","targetHints":{"allow":["GET"]}}],"collection":[{"href":"https:\/\/sfecag.org\/index.php\/wp-json\/wp\/v2\/pages"}],"about":[{"href":"https:\/\/sfecag.org\/index.php\/wp-json\/wp\/v2\/types\/page"}],"author":[{"embeddable":true,"href":"https:\/\/sfecag.org\/index.php\/wp-json\/wp\/v2\/users\/1"}],"replies":[{"embeddable":true,"href":"https:\/\/sfecag.org\/index.php\/wp-json\/wp\/v2\/comments?post=1686"}],"version-history":[{"count":8,"href":"https:\/\/sfecag.org\/index.php\/wp-json\/wp\/v2\/pages\/1686\/revisions"}],"predecessor-version":[{"id":3210,"href":"https:\/\/sfecag.org\/index.php\/wp-json\/wp\/v2\/pages\/1686\/revisions\/3210"}],"wp:attachment":[{"href":"https:\/\/sfecag.org\/index.php\/wp-json\/wp\/v2\/media?parent=1686"}],"curies":[{"name":"wp","href":"https:\/\/api.w.org\/{rel}","templated":true}]}}