{"id":2938,"date":"2024-12-31T09:10:07","date_gmt":"2024-12-31T08:10:07","guid":{"rendered":"http:\/\/sfecag.org\/?page_id=2938"},"modified":"2024-12-31T09:10:07","modified_gmt":"2024-12-31T08:10:07","slug":"sommaire-2024","status":"publish","type":"page","link":"https:\/\/sfecag.org\/index.php\/sommaire-2024\/","title":{"rendered":"Sommaire 2024"},"content":{"rendered":"<table>\n<tbody>\n<tr>\n<td><strong><span style=\"font-size: 20px;\"><img loading=\"lazy\" decoding=\"async\" class=\"alignnone wp-image-2939\" src=\"http:\/\/sfecag.org\/wp-content\/uploads\/2024\/12\/couv2024.png\" alt=\"\" width=\"123\" height=\"178\" \/>\u00a0 ACTES DU CONGR\u00c8S D&rsquo;ANGERS, 2024<\/span><br \/>\n<\/strong><\/p>\n<div>\n<p><strong><span style=\"font-size: 14pt;\">1. Les faci\u00e8s c\u00e9ramiques en pays de la Loire et Morbihan<\/span><br \/>\n<\/strong><\/p>\n<p><span style=\"font-size: 10pt;\">\u2013 S. LEMA\u00ceTRE, L. TRIN-LACOMBE, P. MAGUER : Les arrivages d\u2019amphores dans les \u00e9tablissements ruraux en Pays de la Loire (IIe s. av. J.-C. \u2013 Ier s. apr. J.-C)<br \/>\n\u2013 R. LE GU\u00c9VELLOU, A. LEVILLAYER, M. MORTREAU, S. TH\u00c9BAUD : Vers la d\u00e9finition de faci\u00e8s c\u00e9ramiques en basse vall\u00e9e de la Loire (Maine-et-Loire et Loire-Atlantique) \u00e0 la fin de l\u2019\u00e2ge du Fer (IIe-Ier s. av. n.\u00e8.)<br \/>\n\u2013 L. TRIN-LACOMBE, A. BOCQUET-LI\u00c9NARD, B. GEHRES, B. PESQUET : Les productions de<em> terra nigra<\/em> r\u00e9gionales en Pays de la Loire et Morbihan : essai de caract\u00e9risations chimiques et p\u00e9trographiques<br \/>\n\u2013 S. DAR\u00c9, I. BRUNIE, D. SIMON, avec la coll. de L. TRIN-LACOMBE et de M. GRAL : La c\u00e9ramique \u00e0 Vannes\/<em>Darioritum<\/em>, chef-lieu de la cit\u00e9 des V\u00e9n\u00e8tes, de la fin du Ier s. av. au d\u00e9but du IIe s. apr. J.-C.<br \/>\n\u2013 L. TRIN-LACOMBE, S. LEMA\u00ceTRE : Premier aper\u00e7u des arrivages d\u2019amphores \u00e0 Vannes\/Darioritum (Morbihan) : l\u2019exemple du site de la rue du Four<br \/>\n\u2013 C. LE BOULAIRE, S. TH\u00c9BAUD : avec la coll. de M. GRALL, L. TRIN-LACOMBE, O. GROSBOIS : La c\u00e9ramique de la cit\u00e9 des Namn\u00e8tes, de la fin du Ier si\u00e8cle av. J.-C. au courant du IIe si\u00e8cle apr. J.-C.<br \/>\n\u2013 C. LE BOULAIRE, S\u00e9bastien TH\u00c9BAUD, avec la collaboration L. TRIN-LACOMBE : La c\u00e9ramique du nord-ouest de la cit\u00e9 des Pictons, de la fin du Ier si\u00e8cle av. J.-C. au courant du IIe si\u00e8cle apr. J.-C.<br \/>\n\u2013 M. MORTREAU, O. GROSBOIS : Horizons et faci\u00e8s c\u00e9ramiques en territoire andicave (Maine-et-Loire)<br \/>\n\u2013 M. MORTREAU, Ombline GROSBOIS : Aper\u00e7u des horizons et faci\u00e8s c\u00e9ramiques en territoire dablinte (Mayenne)<br \/>\n\u2013 C. LE BOULAIRE, S. TH\u00c9BAUD : La c\u00e9ramique de la cit\u00e9 des C\u00e9nomans, de la fin du Ier si\u00e8cle av. J.-C. au courant du IIIe si\u00e8cle ap J.-C., l\u2019exemple du Mans<br \/>\n\u2013 A. NO\u00cbL, O. GROSBOIS, M. MORTREAU : La c\u00e9ramique de la fin de l\u2019Antiquit\u00e9 tardive et du d\u00e9but du haut Moyen \u00c2ge en basse vall\u00e9e de la Loire : \u00e9tat de la recherche<br \/>\n\u2013 I. BRUNIE : La c\u00e9ramique de la fin du IIe s. ou du d\u00e9but du IIIe s. issue des cuves de l\u2019atelier \u00e0 salaisons du site du Resto \u00e0 Lanester (Morbihan)<br \/>\n\u2013 I. BRUNIE : La c\u00e9ramique de la seconde moiti\u00e9 du Ier si\u00e8cle av. J.-C. du site du Votten \u00e0 Locmariaquer (Morbihan)<br \/>\n\u2013 F. COUVIN : Une production poti\u00e8re du IIe s. apr. J.-C. \u00e0 Blois (Loir-et-Cher), le site de la 1\u00e8re ruelle Rocheron<br \/>\n\u2013 R. DELAGE, O. GABORY, X. DELESTRE : Contribution de la c\u00e9ramique sigill\u00e9e \u00e0 la connaissance de l\u2019agglom\u00e9ration antique d\u2019Andard (Commune nouvelle de Loire-Authion, Maine-et-Loire)<br \/>\n\u2013 L. DE FERAUDY : Vases peints flaviens in\u00e9dits d\u00e9couverts au Mans, Vindinum (Sarthe)<br \/>\n\u2013 O. GROSBOIS : Un d\u00e9p\u00f4t d\u2019abandon c\u00e9ramique particulier de la fin du IIe s. apr. J.-C., Clinique Saint-Louis, Angers (Maine-et-Loire)<br \/>\n\u2013 A. LEDAUPHIN : Les figurines en terre cuite gallo-romaines de Jublains (Mayenne)<br \/>\n\u2013 J.-F. NAULEAU, V. BRELOUX, M. MORTREAU, M. PITHON : Les ant\u00e9fixes en terre cuite d\u00e9couvertes en r\u00e9gion Pays de la Loire entre le Ier s. apr. J.-C. et le haut Moyen \u00c2ge<br \/>\n\u2013 S. LINGER-RIQUIER, M. MORTREAU et coll. : Les c\u00e9ramiques \u00e0 cerclage m\u00e9tallique (IIe s. av.-d\u00e9but du Ier s. apr. J.-C.) dans le quart nord-ouest de la Gaule : un premier aper\u00e7u<br \/>\n\u2013 T. MARC, O. GROSBOIS, X. FAVREAU, J. SIRAUDEAU : Les creusets de l\u2019atelier de bronzier d\u2019\u00e9poque romaine du site de la Biblioth\u00e8que municipale d\u2019Angers (Maine-et-Loire)<br \/>\n\u2013<\/span><span style=\"font-size: 14px;\"><span style=\"font-size: 10pt;\"> <em>\u00c9l\u00e9ments pour une synth\u00e8se sur la mer, le littoral et le territoire du IIe s. av. J.-C. au milieu du Ier s. apr. J.-C., entre le Rh\u00f4ne et les Alpes Maritimes.<\/em><\/span><br \/>\n<\/span><\/p>\n<p><strong>2. Actualit\u00e9 des recherches c\u00e9ramiques<\/strong><\/p>\n<div><span style=\"font-size: 10pt;\">\u2013 F. BIGOT, G. DUPERRON, L. LONG : <\/span><span style=\"font-size: 10pt;\">Les trafics commerciaux dans le port d\u2019Arles durant l\u2019\u00e9poque flavienne : <\/span><span style=\"font-size: 10pt;\">nouvelles donn\u00e9es provenant du gisement D du Rh\u00f4ne<\/span><br \/>\n<span style=\"font-size: 10pt;\">\u2013 L. MOTTA, S. BACQUART<\/span> : <span style=\"font-size: 10pt;\">La c\u00e9ramique gallo-romaine de la villa de Saint-Quentin \u00e0 Lure (Haute-Sa\u00f4ne)<\/span><br \/>\n<span style=\"font-size: 10pt;\">\u2013 S. BARBERAN, P. CAYN, S. CORBEEL, B.THOMAS : <\/span><span style=\"font-size: 10pt;\">approvisionnement en c\u00e9ramiques et commerce du vin en Uz\u00e8ge sous les Flaviens et les Antonins. <\/span><span style=\"font-size: 10pt;\">Les donn\u00e9es mat\u00e9rielles de la fouille de l\u2019ancienne gendarmerie \u00e0 Uz\u00e8s (Gard)<\/span><br \/>\n<span style=\"font-size: 10pt;\">\u2013 A. CORSIEZ, avec la coll. de V. LE QUELLEC<\/span> : <span style=\"font-size: 10pt;\">La c\u00e9ramique d\u2019un banquet communautaire et d\u2019un habitat rural \u00e0 Beaurieux \u00ab Les Gr\u00e8ves \u00bb (Aisne)<\/span><br \/>\n<span style=\"font-size: 10pt;\">\u2013 J. MOREAU, D. MAGNAN<\/span> : <span style=\"font-size: 10pt;\">La c\u00e9ramique sigill\u00e9e de Meaux \u00e0 travers quelques secteurs de la ville antique<\/span><br \/>\n<span style=\"font-size: 10pt;\">\u2013 M. RIOU<\/span> : <span style=\"font-size: 10pt;\">Une production de pots horticoles \u00e0 Vienne (Is\u00e8re)<\/span><br \/>\n<span style=\"font-size: 10pt;\">\u2013 A. DESBAT, C. BATIGNE, V. THIRION MERLE<\/span> : <span style=\"font-size: 10pt;\">Les premiers plats \u00e0 Vernis Rouge Pomp\u00e9ien \u00e0 Lyon : gaulois ou italiques ?<\/span><br \/>\n<span style=\"font-size: 10pt;\">\u2013 A. SARRAZIN, avec la coll. de J. BRUY\u00c8RE<\/span> : <span style=\"font-size: 10pt;\">La c\u00e9ramique antique de Nanteuil-le-Haudouin (Oise) : \u00ab un site de fronti\u00e8re \u00bb ?<\/span><br \/>\n<span style=\"font-size: 10pt;\">\u2013 \u00c9. AFONSO-LOPES, D. BOUTTEAU, A. BOCQUET-LI\u00c9NARD, <\/span><span style=\"font-size: 10pt;\">G. FRONTEAU, V. MERKENBREACK : <\/span><span style=\"font-size: 10pt;\">Un atelier de potiers antique \u00e0 Th\u00e9rouanne, Chauss\u00e9e Brunehaut (Pas-de-Calais) : <\/span><span style=\"font-size: 10pt;\">une production de c\u00e9ramiques communes claires et grises<\/span><br \/>\n<span style=\"font-size: 10pt;\">\u2013 Jean-Marc S\u00c9GUIER, Richard DELAGE<\/span> : <span style=\"font-size: 10pt;\">Caract\u00e8res et singularit\u00e9s du faci\u00e8s c\u00e9ramique de Meaux (Seine-et-Marne) au IIIe si\u00e8cle apr. J.-C.<\/span><br \/>\n<span style=\"font-size: 10pt;\">\u2013 P. GOHIER, C. B\u00c9BIEN-DABEK, A. HABASQUE-SUDOUR : <\/span><span style=\"font-size: 10pt;\">La c\u00e9ramique de l\u2019Antiquit\u00e9 tardive de l\u2019aire fun\u00e9raire de Marlenheim-Furdenheim (Bas-Rhin). <\/span><span style=\"font-size: 10pt;\">Continuit\u00e9 et \u00e9volution des productions r\u00e9gionales de la fin du IIIe si\u00e8cle et du d\u00e9but du IVe si\u00e8cle apr. J.-C.<\/span><br \/>\n<span style=\"font-size: 10pt;\">\u2013 M. RIOU : <\/span><span style=\"font-size: 10pt;\">L\u2019Antiquit\u00e9 tardive en Auvergne : l\u2019exemple du site de Saint-Ignat (Puy-de-D\u00f4me)<\/span><br \/>\n<span style=\"font-size: 10pt;\">\u2013 P. PERRICHON, J. VIRET : <\/span><span style=\"font-size: 10pt;\">Productions de l\u2019atelier des Grandes Filles-Dieu (Ier et IIe s.) : les d\u00e9couvertes au Clos Vert (Chartres, Eure-et-Loir)<\/span><br \/>\n<span style=\"font-size: 10pt;\">\u2013 V. VIQUESNEL-SCHLOSSER, J. FLAHAUT, A. LEDAUPHIN, R. DELAGE, <\/span><span style=\"font-size: 10pt;\">avec la coll. de L. BLONDIAU et P.-Y. GROCH : <\/span><span style=\"font-size: 10pt;\">L\u2018approvisionnement c\u00e9ramique de trois \u00e9tablissements ruraux de la<em> civitas ambianorum<\/em> (Ier-IVe s.) : <\/span><span style=\"font-size: 10pt;\">M\u00e9aulte, Mouflers et Salou\u00ebl (Somme) <\/span><br \/>\n<span style=\"font-size: 10pt;\">\u2013 P. PERRICHON, J. SIMON, B. BAZIN : <\/span><span style=\"font-size: 10pt;\">Productions c\u00e9ramiques issues de l\u2019atelier gallo-romain de la rue Vintant (Chartres, Eure-et-Loir)<\/span><br \/>\n<span style=\"font-size: 10pt;\">\u2013 C. BONNET, R. DELAGE, avec la coll. de C. LAROCHE : <\/span><span style=\"font-size: 10pt;\">Contribution \u00e0 la connaissance de la c\u00e9ramique du Haut-Rh\u00f4ne entre Jura et Alpes (Ier s. av. J.-C.-IVe s. apr. J.-C.) : <\/span><span style=\"font-size: 10pt;\">les fouilles r\u00e9centes de Belley dans l\u2019Ain (Clos de L\u2019\u00c9v\u00each\u00e9 et \u00celot Vieille Porte)<\/span> <span style=\"font-size: 10pt;\">et de Seyssel en Haute-Savoie (Hameau de Vens)<\/span><br \/>\n<span style=\"font-size: 10pt;\">\u2013 P. TYERS, J. TIMBY : <\/span><span style=\"font-size: 10pt;\">Enqu\u00eate sur deux groupes de<em> terra nigra<\/em> de l\u2019ouest de la Grande-Bretagne<\/span><br \/>\n<span style=\"font-size: 10pt;\">\u2013 D. CHAMPEAUX, avec la coll. de R. PANSIOT : <\/span><span style=\"font-size: 10pt;\">Chalon-sur-Sa\u00f4ne (Sa\u00f4ne-et-Loire). Mondes fun\u00e9raire et domestique \u00e0 la fin du IIe et au d\u00e9but du IIIe s.<\/span><br \/>\n<span style=\"font-size: 10pt;\">\u2013 A. MEES, A. CRAMER, F. THIERY, K. H\u00d6LZL, L. DE FERAUDY : <\/span><span style=\"font-size: 10pt;\">Moules et moulages. Acquisition des connaissances bas\u00e9es sur les r\u00e8gles concernant les liens entre potiers, <\/span><span style=\"font-size: 10pt;\">en utilisant les taux de retrait entre moules et vaisselles et les poin\u00e7ons originaux de sigill\u00e9e<\/span> <span style=\"font-size: 10pt;\">et leurs moulages\/surmoulages<\/span><br \/>\n<span style=\"font-size: 10pt;\">\u2013 A. CORSIEZ, avec la coll. de S. ROBELOT : <\/span><span style=\"font-size: 10pt;\">La c\u00e9ramique du site de Templeuve-en-P\u00e9v\u00e8le, \u201cChemin de la Campagnette\u201d (Nord) : un nouveau contexte m\u00e9napien<\/span><br \/>\n<span style=\"font-size: 10pt;\">\u2013 B. SALLES, avec la coll. de L. FOURNIER : <\/span><span style=\"font-size: 10pt;\">Un ensemble c\u00e9ramique de l\u2019Antiquit\u00e9 tardive d\u2019un grand \u00e9tablissement rural <\/span><span style=\"font-size: 10pt;\">\u00e0 la p\u00e9riph\u00e9rie de Bourges, Fussy (Cher) &#8211; Le Pr\u00e9 de la Feularde\/Le Champs Chapois<\/span><br \/>\n<span style=\"font-size: 10pt;\">\u2013 C. DEFER, M. JOLY : <\/span><span style=\"font-size: 10pt;\">\u00c0 propos d\u2019un vase \u00e0 visage trouv\u00e9 \u00e0 Bibracte (Mont Beuvray, Sa\u00f4ne-et-Loire\/Ni\u00e8vre)<\/span><br \/>\n<span style=\"font-size: 10pt;\">\u2013 L. RIVET, S. SAULNIER : <\/span><span style=\"font-size: 10pt;\">La chronologie des premi\u00e8res sigill\u00e9es italiques entre 50 et 15 avant notre \u00e8re <\/span><span style=\"font-size: 10pt;\">face aux r\u00e9sultats des fouilles de la Butte Saint-Antoine \u00e0 Fr\u00e9jus<\/span><\/div>\n<\/div>\n<p><em>Un volume au format 21 x 29.7, 624 p., cahiers cousus et quadrichromie : 61 \u20ac (+ frais de port) ; ISBN 978-2-9579916-2-4<\/em><\/td>\n<\/tr>\n<\/tbody>\n<\/table>\n<p>&nbsp;<\/p>\n","protected":false},"excerpt":{"rendered":"<p>\u00a0 ACTES DU CONGR\u00c8S D&rsquo;ANGERS, 2024 1. Les faci\u00e8s c\u00e9ramiques en pays de la Loire et Morbihan \u2013 S. LEMA\u00ceTRE, L. TRIN-LACOMBE, P. MAGUER : Les arrivages d\u2019amphores dans les \u00e9tablissements ruraux en Pays de la Loire (IIe s. av. J.-C. \u2013 Ier s. apr. J.-C) \u2013 R. LE GU\u00c9VELLOU, A. LEVILLAYER, M. MORTREAU, S. [&hellip;]<\/p>\n","protected":false},"author":1,"featured_media":0,"parent":0,"menu_order":0,"comment_status":"closed","ping_status":"closed","template":"","meta":{"footnotes":""},"class_list":["post-2938","page","type-page","status-publish","hentry"],"_links":{"self":[{"href":"https:\/\/sfecag.org\/index.php\/wp-json\/wp\/v2\/pages\/2938","targetHints":{"allow":["GET"]}}],"collection":[{"href":"https:\/\/sfecag.org\/index.php\/wp-json\/wp\/v2\/pages"}],"about":[{"href":"https:\/\/sfecag.org\/index.php\/wp-json\/wp\/v2\/types\/page"}],"author":[{"embeddable":true,"href":"https:\/\/sfecag.org\/index.php\/wp-json\/wp\/v2\/users\/1"}],"replies":[{"embeddable":true,"href":"https:\/\/sfecag.org\/index.php\/wp-json\/wp\/v2\/comments?post=2938"}],"version-history":[{"count":4,"href":"https:\/\/sfecag.org\/index.php\/wp-json\/wp\/v2\/pages\/2938\/revisions"}],"predecessor-version":[{"id":3015,"href":"https:\/\/sfecag.org\/index.php\/wp-json\/wp\/v2\/pages\/2938\/revisions\/3015"}],"wp:attachment":[{"href":"https:\/\/sfecag.org\/index.php\/wp-json\/wp\/v2\/media?parent=2938"}],"curies":[{"name":"wp","href":"https:\/\/api.w.org\/{rel}","templated":true}]}}