{"id":910,"date":"2019-03-25T18:57:01","date_gmt":"2019-03-25T17:57:01","guid":{"rendered":"http:\/\/sfecag.org\/?page_id=910"},"modified":"2026-03-13T09:45:31","modified_gmt":"2026-03-13T08:45:31","slug":"posters-2026","status":"publish","type":"page","link":"https:\/\/sfecag.org\/index.php\/posters-2026\/","title":{"rendered":"Posters 2026"},"content":{"rendered":"<table style=\"border-collapse: collapse; width: 100%;\">\n<tbody>\n<tr>\n<td style=\"width: 100%; border-style: solid; border-color: 229938; padding-left: 80px;\">\n<p style=\"text-align: center;\"><span style=\"font-size: 15pt;\"><strong>LA C\u00c9RAMIQUE DE L\u2019ANTIQUIT\u00c9 TARDIVE<br \/>\nDANS LE SUD DE LA GAULE (IIIe- VIe SI\u00c8CLES)<\/strong><\/span><\/p>\n<p style=\"text-align: justify;\">\u2013 Beno\u00eet FAVENNEC, Pierre RASCALOU, Les niveaux d\u2019occupation et d\u2019activit\u00e9 poti\u00e8re \u00e0 la charni\u00e8re des III<sup>e<\/sup> et IV<sup>e<\/sup> s. dans le quartier du Quai d\u2019Alsace \u00e0 Narbonne (Aude)<br \/>\n\u2013 Christophe PELLECUER, Iouri BERMOND, Les productions de l\u2019atelier tardo-antique du Bourbou \u00e0 Loupian (H\u00e9rault). L\u2019exemple d\u2019une officine domaniale du littoral languedocien aux IV<sup>e<\/sup> et V<sup>e<\/sup> s.<br \/>\n\u2013 Guillaume DUPERRON, Patrick DE MICHELE, Les productions c\u00e9ramiques de la r\u00e9gion d\u2019Apt (Vaucluse) aux V<sup>e<\/sup>-VI<sup>e<\/sup> s. : nouvelles donn\u00e9es issues de la fouille de la \u00abcave Boyer\u00bb<br \/>\n\u2013 Pierre RASCALOU, Les rejets domestiques du III<sup>e<\/sup> s. sur l\u2019\u00e9tablissement antique de la Zac Eur\u00eaka \u00e0 Castelnau-le-Lez (H\u00e9rault)<br \/>\n\u2013B\u00e9atrice CEPELIS, avec la coll. de G. Duperron, M.-P. Roth\u00e9, Le mobilier c\u00e9ramique du bassin d\u2019infiltration BS1075 de l\u2019espace XI du site de la Verrerie \u00e0 Arles : un faci\u00e8s domestique du III<sup>e<\/sup> s.<br \/>\n\u2013 Ugo SCHULLER, Le d\u00e9potoir du Cimeti\u00e8re de Trinquetaille \u00e0 Arles (Bouches-du-Rh\u00f4ne) : un ensemble c\u00e9ramique de la fin du III<sup>e<\/sup> s.<br \/>\n\u2013 Jean-Christophe TR\u00c9GLIA, Guillaume DUPERRON, avec la collaboration de D. Carru, Un d\u00e9potoir avignonnais du III<sup>e<\/sup> s. (Notre-Dame-des-Doms, Vaucluse)<br \/>\n\u2013 Guillaume DUPERRON, Iouri BERMOND, Christophe PELLECUER, Un d\u00e9potoir du III<sup>e<\/sup> s. dans l\u2019agglom\u00e9ration littorale de Balaruc-les-Bains (H\u00e9rault)<br \/>\n\u2013 Susanne LANG-DESVIGNES, L\u2019assemblage du IVe s. issu des sables du port antique d\u2019Antibes (Alpes-Maritimes)<br \/>\n\u2013 Claudio CAPELLI, Guillaume DUPERRON, Alejandro QUEVEDO, Imitations hispaniques d\u2019amphores africaines \u00e0 Arles aux IV<sup>e<\/sup>-V<sup>e<\/sup> s.<br \/>\n\u2013 S\u00e9bastien BARBERAN, Mathieu OTT, Des t\u00e9moins mat\u00e9riels d\u2019une occupation tardo-antique sur le site de Vaugui\u00e8re A\u00e9ropole \u00e0 Mauguio (H\u00e9rault)<br \/>\n\u2013 Julie LESCURE, Herv\u00e9 POMAR\u00c8DES, Ghislain BAGAN, Faci\u00e8s c\u00e9ramiques tardo-antiques dans la haute vall\u00e9e de l\u2019Orb (H\u00e9rault) : \u00e9tudes de cas<br \/>\n\u2013 Caroline LEFEBVRE, Nata\u00eblle TOUTAIN, Le site \u00ab Cath\u00e9drale-Nord \u00bb \u00e0 Vaison-la-Romaine (Vaucluse) : relecture chronologique et nouvelles perspectives \u00e0 la lumi\u00e8re des \u00e9tudes c\u00e9ramiques<\/p>\n<\/td>\n<\/tr>\n<\/tbody>\n<\/table>\n<p>&nbsp;<\/p>\n<table style=\"border-collapse: collapse; width: 100%;\">\n<tbody>\n<tr>\n<td style=\"width: 100%; border-style: solid; border-color: #0032ff; padding-left: 80px;\">\n<p style=\"text-align: center;\"><span style=\"font-size: 15pt;\"><strong>ACTUALIT\u00c9 DES RECHERCHES C\u00c9RAMIQUES<\/strong><\/span><\/p>\n<p style=\"text-align: justify;\">\u2013 Philippe BET, St\u00e9phanie RAUX, Michel PERRON d\u2019ARC, Nouvelles consid\u00e9rations sur le m\u00e9daillon de Cavillargues (Gard)<br \/>\n\u2013 Alix FOURR\u00c9, avec la coll. d\u2019E. ROUX-CAPRON, D\u00e9couverte de barillets en terre cuite \u00e0 la Chapelle-Saint-Mesmin (Loiret)<br \/>\n\u2013 Anne AH\u00dc-DELOR, Johann BLANCHARD, D\u00e9couverte d\u2019un atelier de production c\u00e9ramique \u00e0 Saint-Pathus (Seine-et-Marne)<br \/>\n\u2013 Anne AH\u00dc-DELOR, C\u00e9line BON, Carole FOSSURIER, Lo\u00efc GA\u00c9TAN, Quand les os manquent : explorer le potentiel g\u00e9n\u00e9tique de la c\u00e9ramique fun\u00e9raire<br \/>\n\u2013 Alba Ant\u00eda RODR\u00cdGUEZ NOVOA, Roberto Bartolom\u00e9 ABRAIRA, Adolfo FERN\u00c1NDEZ FERN\u00c1NDEZ, La c\u00e9ramique de deux <em>villae<\/em> maritimes de la <em>Gallaecia<\/em> atlantique entre le IV<sup>e<\/sup> et le VI<sup>e<\/sup> s. : les cas de Mourisca et Noville<br \/>\n&#8211; Albert MART\u00cdN MEN\u00c9NDEZ, Jordi ALEMANY JOAQUINA, Las \u00e1nforas y otros materiales del pecio Pla de Tudela 2 (Cadaqu\u00e9s, Girona)<br \/>\n&#8211; Bertrand HOUIX, Une belle coupe \u00e0 vin d\u2019une maison de Villevieille antique (Gard)<br \/>\n&#8211; Bertrand HOUIX, Aspects du vaisselier dans le quartier des Terriers \u00e0 l\u2019\u00e9poque august\u00e9enne sur l\u2019agglom\u00e9ration antique de Villevieille (Gard)<br \/>\n&#8211; Laetitia CAVASSA, Guillaume DUPERRON, Marie-Pierre ROTH\u00c9, Claudio CAPELLI, De la<em> ceramica fiammata<\/em> \u00e0 <em>Arelate<\/em> : premi\u00e8res donn\u00e9es sur la diffusion d\u2019une production sarde en Gaule<br \/>\n&#8211; Barbara LH\u00c9RITIER, Richard DELAGE, Dominique POUILLE, D\u00e9potoir domestique de c\u00e9ramiques de la fin du II<sup>e<\/sup> s. \u00e0 Surzur (Morbihan)<br \/>\n&#8211; St\u00e9phane DUBOIS, Estampilles sur mortiers d\u00e9couvertes au chef-lieu de la cit\u00e9 des S\u00e9quanes (Besan\u00e7on, Doubs)<br \/>\n&#8211; Virginie ARNOLD, La vaisselle c\u00e9ramique du Haut-Empire \u00e0 Besan\u00e7on (Doubs) : premi\u00e8re synth\u00e8se typo-chronologique<br \/>\n&#8211; Allard MEES, Florian THIERY, Barbara PFERDEHIRT, Dater la conqu\u00eate romaine de la Germanie avec la sigill\u00e9e ? M\u00e9thodiques num\u00e9riques pour classifier chronologiquement les \u00ab services \u00bb I-II de sigill\u00e9e ar\u00e9tine<\/p>\n<\/td>\n<\/tr>\n<\/tbody>\n<\/table>\n","protected":false},"excerpt":{"rendered":"<p>LA C\u00c9RAMIQUE DE L\u2019ANTIQUIT\u00c9 TARDIVE DANS LE SUD DE LA GAULE (IIIe- VIe SI\u00c8CLES) \u2013 Beno\u00eet FAVENNEC, Pierre RASCALOU, Les niveaux d\u2019occupation et d\u2019activit\u00e9 poti\u00e8re \u00e0 la charni\u00e8re des IIIe et IVe s. dans le quartier du Quai d\u2019Alsace \u00e0 Narbonne (Aude) \u2013 Christophe PELLECUER, Iouri BERMOND, Les productions de l\u2019atelier tardo-antique du Bourbou \u00e0 [&hellip;]<\/p>\n","protected":false},"author":1,"featured_media":0,"parent":0,"menu_order":0,"comment_status":"closed","ping_status":"closed","template":"","meta":{"footnotes":""},"class_list":["post-910","page","type-page","status-publish","hentry"],"_links":{"self":[{"href":"https:\/\/sfecag.org\/index.php\/wp-json\/wp\/v2\/pages\/910","targetHints":{"allow":["GET"]}}],"collection":[{"href":"https:\/\/sfecag.org\/index.php\/wp-json\/wp\/v2\/pages"}],"about":[{"href":"https:\/\/sfecag.org\/index.php\/wp-json\/wp\/v2\/types\/page"}],"author":[{"embeddable":true,"href":"https:\/\/sfecag.org\/index.php\/wp-json\/wp\/v2\/users\/1"}],"replies":[{"embeddable":true,"href":"https:\/\/sfecag.org\/index.php\/wp-json\/wp\/v2\/comments?post=910"}],"version-history":[{"count":12,"href":"https:\/\/sfecag.org\/index.php\/wp-json\/wp\/v2\/pages\/910\/revisions"}],"predecessor-version":[{"id":3279,"href":"https:\/\/sfecag.org\/index.php\/wp-json\/wp\/v2\/pages\/910\/revisions\/3279"}],"wp:attachment":[{"href":"https:\/\/sfecag.org\/index.php\/wp-json\/wp\/v2\/media?parent=910"}],"curies":[{"name":"wp","href":"https:\/\/api.w.org\/{rel}","templated":true}]}}